{"id":3764,"date":"2024-07-18T18:08:07","date_gmt":"2024-07-18T16:08:07","guid":{"rendered":"https:\/\/iiclubiana.esteri.it\/gli_eventi\/archivio-eventi\/"},"modified":"2024-11-11T12:31:23","modified_gmt":"2024-11-11T11:31:23","slug":"archivio_eventi","status":"publish","type":"page","link":"https:\/\/iiclubiana.esteri.it\/sl\/gli_eventi\/archivio_eventi\/","title":{"rendered":"Arhiv dogodkov"},"content":{"rendered":"        <div class=\"row\">\n\t\t\t<!-- Ricerca sedi post -->\n\t\t\t<div class=\"col-12 mt-4\">\n\t\t\t  <div class=\"callout callout-highlight note ricerca-esteri p-4\">\n                    <div class=\"callout-title\">\n                        <svg class=\"icon\">\n                            <use xlink:href=\"https:\/\/iiclubiana.esteri.it\/wp-content\/themes\/sedi-tema\/assets\/svg\/sprites.svg#it-search\"><\/use>\n                        <\/svg>Vnesite iskalne parametre                    <\/div>\n                    <form id=\"searchFormPost\" name=\"form-search-post\" class=\"form-row align-items-center\" action=\"https:\/\/iiclubiana.esteri.it\/sl\/wp-json\/wp\/v2\/pages\/3764\/\" method=\"GET\"> \n                        <!-- <div class=\"form-group pt-5\"> -->\n                            <!-- <input type=\"hidden\" id=\"lang\" name=\"lang\" value=\"\"> --> <!-- <\/div> -->\n\n                        <div class=\"it-datepicker-wrapper\">\n                            <div class=\"row\">\n                                <div class=\"form-group col-md-6\">\n                                    <label class=\"active\" for=\"date-init\">Iz<\/label>\n                                    <input class=\"form-control\" name=\"date-init\" id=\"date-init\" type=\"date\" placeholder=\"gg\/mm\/aaaa\" value=\"\"lang=\"en-EN\">  \n                                <\/div>\n                                <div class=\"form-group col-md-6\">\n                                    <label class=\"active\" for=\"date-end\">Za<\/label>\n                                    <input class=\"form-control\" name=\"date-end\" id=\"date-end\" type=\"date\" placeholder=\"gg\/mm\/aaaa\" value=\"\">\n                                <\/div>\n                            <\/div>\n                        <\/div>\n                        <div class=\"form-group col-md-12 mt-3\">\n                            <label for=\"searchText\">Brezpla\u010dno iskalno polje<\/label>\n                            <input type=\"text\" name=\"searchText\" class=\"form-control\" id=\"searchText\" value=\"\">\n                        <\/div>\n                        <div class=\"form-group col-md-4 offset-md-8 text-end\">\n                            <a href=\"https:\/\/iiclubiana.esteri.it\/sl\/gli_eventi\/archivio_eventi\/\" title=\"Form reset\" id=\"resetImput\" class=\"btn btn-outline-primary btn-xs\">Reset<\/a>\n                            <button type=\"submit\" class=\"btn btn-primary btn-xs\">Poka\u017ei rezultate<\/button>\n                        <\/div>\n                    <\/form>\n\t\t\t\t<\/div>\n\t\t\t<\/div>\n\t\t<\/div>\n                    \n            <div class=\"row\">\n                            <div class=\"col-12 mt-3\">\n                <!--start card-->\n                <div class=\"card-wrapper card-space\">\n                    <div class=\"card card-bg card-big border-bottom-card\">\n                        <div class=\"card-body row\">\n                                                    <div class=\"col-sm-3\">\n                                <div class=\"img-responsive\">\n                                    <figure class=\"img-wrapper\">\n                                        <a href=\"https:\/\/iiclubiana.esteri.it\/sl\/gli_eventi\/calendario\/gledaliska-predstava-la-signora-e-da-buttare\/\" title=\"Preberi \u010dlanek: Gledali\u0161ka predstava: La signora \u00e8 da buttare\">\n                                                                                            <img loading=\"lazy\" decoding=\"async\" width=\"214\" height=\"300\" src=\"https:\/\/iiclubiana.esteri.it\/wp-content\/uploads\/2026\/04\/signorafo_locandina_finaleok-214x300.jpg\" srcset=\"https:\/\/iiclubiana.esteri.it\/wp-content\/uploads\/2026\/04\/signorafo_locandina_finaleok-scaled.jpg 1825w, https:\/\/iiclubiana.esteri.it\/wp-content\/uploads\/2026\/04\/signorafo_locandina_finaleok-214x300.jpg 214w, https:\/\/iiclubiana.esteri.it\/wp-content\/uploads\/2026\/04\/signorafo_locandina_finaleok-730x1024.jpg 730w, https:\/\/iiclubiana.esteri.it\/wp-content\/uploads\/2026\/04\/signorafo_locandina_finaleok-768x1077.jpg 768w\" sizes=\"auto, (max-width: 1825px) 100vw, 1825px\"  title=\"signorafo_locandina_finaleok\" alt=\"\" class=\"img-fluid\">\n                                                                                    <\/a>\n                                    <\/figure>\n                                <\/div>\n                            <\/div>\n                            <div class=\"col-sm-9\">\n                                                            <div class=\"category-top\">\n                                    <span class=\"fw-bold text-danger\">Sklenjeno<\/span>                                                                        <span class=\"data\">\n                                        <svg class=\"icon icon-secondary\">\n                                            <use xlink:href=\"https:\/\/iiclubiana.esteri.it\/wp-content\/themes\/sedi-tema\/assets\/svg\/sprites.svg#it-calendar\"><\/use>\n                                        <\/svg> pet Apr 17 2026<svg class=\"icon icon-xs icon-secondary me-1 ms-1\"><use href=\"https:\/\/iiclubiana.esteri.it\/wp-content\/themes\/sedi-tema\/assets\/svg\/sprites.svg#it-arrow-right\"><\/use><\/svg>sob Apr 18 2026                                    <\/span>\n                                                                    <\/div>\n                            <h5 class=\"card-title big-heading text-uppercase\"><a class=\"text-body text-decoration-none\" href=\"https:\/\/iiclubiana.esteri.it\/sl\/gli_eventi\/calendario\/gledaliska-predstava-la-signora-e-da-buttare\/\" title=\"Gledali\u0161ka predstava: La signora \u00e8 da buttare\">Gledali\u0161ka predstava: La signora \u00e8 da buttare<\/a><\/h5>\n                            <p class=\"card-text\">Italijanska gledali\u0161ka skupina Univerze v Ljubljani Maschere nude\u00a0v sodelovanju z Italijanskim in\u0161titutom za kulturo v Sloveniji vabi na predstavo La signora \u00e8 da buttare avtorja: Dario Fo in Franca Rame re\u017eija: Silvia Viviani &nbsp; Gledali\u0161ka komedija La signora \u00e8 da buttare je bila prvi\u010d uprizorjena 15. septembra 1967 v gledali\u0161\u010du Manzoni v Milanu. Od takrat [&hellip;]<\/p>\n                                <a title=\"Gledali\u0161ka predstava: La signora \u00e8 da buttare\" class=\"read-more\" href=\"https:\/\/iiclubiana.esteri.it\/sl\/gli_eventi\/calendario\/gledaliska-predstava-la-signora-e-da-buttare\/\">\n                                    <span class=\"text\">Preberi ve\u010d<\/span>\n                                    <svg class=\"icon\">\n                                    <use xlink:href=\"https:\/\/iiclubiana.esteri.it\/wp-content\/themes\/sedi-tema\/assets\/svg\/sprites.svg#it-arrow-right\"><\/use>\n                                    <\/svg>\n                                <\/a>\n                                                        <\/div>\n                                                    <\/div>\n                    <\/div>\n                <\/div>\n                <!--end card-->\n                <\/div><!-- col-12 .mt-3-->\n                            <div class=\"col-12 mt-3\">\n                <!--start card-->\n                <div class=\"card-wrapper card-space\">\n                    <div class=\"card card-bg card-big border-bottom-card\">\n                        <div class=\"card-body row\">\n                                                    <div class=\"col-sm-3\">\n                                <div class=\"img-responsive\">\n                                    <figure class=\"img-wrapper\">\n                                        <a href=\"https:\/\/iiclubiana.esteri.it\/sl\/gli_eventi\/calendario\/predavanje-marca-de-paolisa-2\/\" title=\"Preberi \u010dlanek: Predavanje Marca de Paolisa\">\n                                                                                            <img loading=\"lazy\" decoding=\"async\" width=\"254\" height=\"300\" src=\"https:\/\/iiclubiana.esteri.it\/wp-content\/uploads\/2026\/04\/conf-254x300.jpg\" srcset=\"https:\/\/iiclubiana.esteri.it\/wp-content\/uploads\/2026\/04\/conf.jpg 650w, https:\/\/iiclubiana.esteri.it\/wp-content\/uploads\/2026\/04\/conf-254x300.jpg 254w\" sizes=\"auto, (max-width: 650px) 100vw, 650px\"  title=\"conf.\" alt=\"\" class=\"img-fluid\">\n                                                                                    <\/a>\n                                    <\/figure>\n                                <\/div>\n                            <\/div>\n                            <div class=\"col-sm-9\">\n                                                            <div class=\"category-top\">\n                                    <span class=\"fw-bold text-danger\">Sklenjeno<\/span>                                                                        <span class=\"data\">\n                                        <svg class=\"icon icon-secondary\">\n                                            <use xlink:href=\"https:\/\/iiclubiana.esteri.it\/wp-content\/themes\/sedi-tema\/assets\/svg\/sprites.svg#it-calendar\"><\/use>\n                                        <\/svg> sre Apr 15 2026                                    <\/span>\n                                                                    <\/div>\n                            <h5 class=\"card-title big-heading text-uppercase\"><a class=\"text-body text-decoration-none\" href=\"https:\/\/iiclubiana.esteri.it\/sl\/gli_eventi\/calendario\/predavanje-marca-de-paolisa-2\/\" title=\"Predavanje Marca de Paolisa\">Predavanje Marca de Paolisa<\/a><\/h5>\n                            <p class=\"card-text\">Konferenca generalnega to\u017eilca pri voja\u0161kem prizivnem sodi\u0161\u010du v Rimu Marco DE PAOLIS La recente esperienza giudiziaria militare sui crimini di guerra commessi durante la Seconda guerra mondiale nell\u2019attuale prospettiva del diritto umanitario Novej\u0161a praksa voja\u0161kih sodi\u0161\u010d na podro\u010dju vojnih zlo\u010dinov storjenih med drugo svetovno vojno v zdaj\u0161nji perspektivi humanitarnega prava &nbsp; Dogodek bo potekal v [&hellip;]<\/p>\n                                <a title=\"Predavanje Marca de Paolisa\" class=\"read-more\" href=\"https:\/\/iiclubiana.esteri.it\/sl\/gli_eventi\/calendario\/predavanje-marca-de-paolisa-2\/\">\n                                    <span class=\"text\">Preberi ve\u010d<\/span>\n                                    <svg class=\"icon\">\n                                    <use xlink:href=\"https:\/\/iiclubiana.esteri.it\/wp-content\/themes\/sedi-tema\/assets\/svg\/sprites.svg#it-arrow-right\"><\/use>\n                                    <\/svg>\n                                <\/a>\n                                                        <\/div>\n                                                    <\/div>\n                    <\/div>\n                <\/div>\n                <!--end card-->\n                <\/div><!-- col-12 .mt-3-->\n                            <div class=\"col-12 mt-3\">\n                <!--start card-->\n                <div class=\"card-wrapper card-space\">\n                    <div class=\"card card-bg card-big border-bottom-card\">\n                        <div class=\"card-body row\">\n                                                    <div class=\"col-sm-3\">\n                                <div class=\"img-responsive\">\n                                    <figure class=\"img-wrapper\">\n                                        <a href=\"https:\/\/iiclubiana.esteri.it\/sl\/gli_eventi\/calendario\/italijanski-zrcalo-srecka-kosovela\/\" title=\"Preberi \u010dlanek: Italijansko zrcalo Sre\u010dka Kosovela\">\n                                                                                            <img loading=\"lazy\" decoding=\"async\" width=\"212\" height=\"300\" src=\"https:\/\/iiclubiana.esteri.it\/wp-content\/uploads\/2026\/04\/2LO-SPECCHIO-ITALIANO-DI-SRECKO-KOSOVEL-212x300.jpg\" srcset=\"https:\/\/iiclubiana.esteri.it\/wp-content\/uploads\/2026\/04\/2LO-SPECCHIO-ITALIANO-DI-SRECKO-KOSOVEL.jpg 1587w, https:\/\/iiclubiana.esteri.it\/wp-content\/uploads\/2026\/04\/2LO-SPECCHIO-ITALIANO-DI-SRECKO-KOSOVEL-212x300.jpg 212w, https:\/\/iiclubiana.esteri.it\/wp-content\/uploads\/2026\/04\/2LO-SPECCHIO-ITALIANO-DI-SRECKO-KOSOVEL-724x1024.jpg 724w, https:\/\/iiclubiana.esteri.it\/wp-content\/uploads\/2026\/04\/2LO-SPECCHIO-ITALIANO-DI-SRECKO-KOSOVEL-768x1086.jpg 768w\" sizes=\"auto, (max-width: 1587px) 100vw, 1587px\"  title=\"2LO SPECCHIO ITALIANO DI SRE\u010cKO KOSOVEL\" alt=\"\" class=\"img-fluid\">\n                                                                                    <\/a>\n                                    <\/figure>\n                                <\/div>\n                            <\/div>\n                            <div class=\"col-sm-9\">\n                                                            <div class=\"category-top\">\n                                    <span class=\"fw-bold text-danger\">Sklenjeno<\/span>                                                                        <span class=\"data\">\n                                        <svg class=\"icon icon-secondary\">\n                                            <use xlink:href=\"https:\/\/iiclubiana.esteri.it\/wp-content\/themes\/sedi-tema\/assets\/svg\/sprites.svg#it-calendar\"><\/use>\n                                        <\/svg> tor Apr 14 2026                                    <\/span>\n                                                                    <\/div>\n                            <h5 class=\"card-title big-heading text-uppercase\"><a class=\"text-body text-decoration-none\" href=\"https:\/\/iiclubiana.esteri.it\/sl\/gli_eventi\/calendario\/italijanski-zrcalo-srecka-kosovela\/\" title=\"Italijansko zrcalo Sre\u010dka Kosovela\">Italijansko zrcalo Sre\u010dka Kosovela<\/a><\/h5>\n                            <p class=\"card-text\">Pogovor o Sre\u010dku Kosovelu (1904\u20131926), o prevodih njegovih del v italijan\u0161\u010dino, o njegovi recepciji in pomenu v Italiji. Gost: Miran Ko\u0161uta, profesor slovenskega jezika in knji\u017eevnosti na Univerzi v Trstu in raziskovalec Kosovelove knji\u017eevnosti Moderator: Robert Gro\u0161elj &nbsp; &nbsp; &nbsp;<\/p>\n                                <a title=\"Italijansko zrcalo Sre\u010dka Kosovela\" class=\"read-more\" href=\"https:\/\/iiclubiana.esteri.it\/sl\/gli_eventi\/calendario\/italijanski-zrcalo-srecka-kosovela\/\">\n                                    <span class=\"text\">Preberi ve\u010d<\/span>\n                                    <svg class=\"icon\">\n                                    <use xlink:href=\"https:\/\/iiclubiana.esteri.it\/wp-content\/themes\/sedi-tema\/assets\/svg\/sprites.svg#it-arrow-right\"><\/use>\n                                    <\/svg>\n                                <\/a>\n                                                        <\/div>\n                                                    <\/div>\n                    <\/div>\n                <\/div>\n                <!--end card-->\n                <\/div><!-- col-12 .mt-3-->\n                            <div class=\"col-12 mt-3\">\n                <!--start card-->\n                <div class=\"card-wrapper card-space\">\n                    <div class=\"card card-bg card-big border-bottom-card\">\n                        <div class=\"card-body row\">\n                                                    <div class=\"col-sm-3\">\n                                <div class=\"img-responsive\">\n                                    <figure class=\"img-wrapper\">\n                                        <a href=\"https:\/\/iiclubiana.esteri.it\/sl\/gli_eventi\/calendario\/avtorji-iscejo-bralce\/\" title=\"Preberi \u010dlanek: Avtorji i\u0161\u010dejo bralce\">\n                                                                                            <img loading=\"lazy\" decoding=\"async\" width=\"225\" height=\"300\" src=\"https:\/\/iiclubiana.esteri.it\/wp-content\/uploads\/2026\/02\/Trevi-225x300.jpeg\" srcset=\"https:\/\/iiclubiana.esteri.it\/wp-content\/uploads\/2026\/02\/Trevi.jpeg 1000w, https:\/\/iiclubiana.esteri.it\/wp-content\/uploads\/2026\/02\/Trevi-225x300.jpeg 225w, https:\/\/iiclubiana.esteri.it\/wp-content\/uploads\/2026\/02\/Trevi-768x1025.jpeg 768w\" sizes=\"auto, (max-width: 1000px) 100vw, 1000px\"  title=\"Trevi\" alt=\"\" class=\"img-fluid\">\n                                                                                    <\/a>\n                                    <\/figure>\n                                <\/div>\n                            <\/div>\n                            <div class=\"col-sm-9\">\n                                                            <div class=\"category-top\">\n                                    <span class=\"fw-bold text-danger\">Sklenjeno<\/span>                                                                        <span class=\"data\">\n                                        <svg class=\"icon icon-secondary\">\n                                            <use xlink:href=\"https:\/\/iiclubiana.esteri.it\/wp-content\/themes\/sedi-tema\/assets\/svg\/sprites.svg#it-calendar\"><\/use>\n                                        <\/svg> tor Mar 24 2026                                    <\/span>\n                                                                    <\/div>\n                            <h5 class=\"card-title big-heading text-uppercase\"><a class=\"text-body text-decoration-none\" href=\"https:\/\/iiclubiana.esteri.it\/sl\/gli_eventi\/calendario\/avtorji-iscejo-bralce\/\" title=\"Avtorji i\u0161\u010dejo bralce\">Avtorji i\u0161\u010dejo bralce<\/a><\/h5>\n                            <p class=\"card-text\">Dru\u017eenja ob knjigi Emanuele Trevi: Nekaj zapisanega\u00a0 V torek, 24. marca, vas ob 17h vabimo na Italijanski in\u0161titut za kulturo. Beseda bo tekla o knjigi Emenueleja Trevija &#8220;Nekaj zapisanega&#8221;. Knji\u017ena sre\u010danja so namenjena vsem, ki radi berejo in bi se o tem \u017eeleli pogovarjati, deliti mnenja in razmi\u0161ljanja, ki so se porodila ob branju knjige. [&hellip;]<\/p>\n                                <a title=\"Avtorji i\u0161\u010dejo bralce\" class=\"read-more\" href=\"https:\/\/iiclubiana.esteri.it\/sl\/gli_eventi\/calendario\/avtorji-iscejo-bralce\/\">\n                                    <span class=\"text\">Preberi ve\u010d<\/span>\n                                    <svg class=\"icon\">\n                                    <use xlink:href=\"https:\/\/iiclubiana.esteri.it\/wp-content\/themes\/sedi-tema\/assets\/svg\/sprites.svg#it-arrow-right\"><\/use>\n                                    <\/svg>\n                                <\/a>\n                                                        <\/div>\n                                                    <\/div>\n                    <\/div>\n                <\/div>\n                <!--end card-->\n                <\/div><!-- col-12 .mt-3-->\n                            <div class=\"col-12 mt-3\">\n                <!--start card-->\n                <div class=\"card-wrapper card-space\">\n                    <div class=\"card card-bg card-big border-bottom-card\">\n                        <div class=\"card-body row\">\n                                                    <div class=\"col-sm-3\">\n                                <div class=\"img-responsive\">\n                                    <figure class=\"img-wrapper\">\n                                        <a href=\"https:\/\/iiclubiana.esteri.it\/sl\/gli_eventi\/calendario\/pippo-ciorra-allitalian-design-day-2026\/\" title=\"Preberi \u010dlanek: Italian Design Day 2026: Pippo Ciorra\">\n                                                                                            <img loading=\"lazy\" decoding=\"async\" width=\"300\" height=\"211\" src=\"https:\/\/iiclubiana.esteri.it\/wp-content\/uploads\/2026\/02\/Screenshot--300x211.png\" srcset=\"https:\/\/iiclubiana.esteri.it\/wp-content\/uploads\/2026\/02\/Screenshot-.png 704w, https:\/\/iiclubiana.esteri.it\/wp-content\/uploads\/2026\/02\/Screenshot--300x211.png 300w\" sizes=\"auto, (max-width: 704px) 100vw, 704px\"  title=\"Screenshot\" alt=\"\" class=\"img-fluid\">\n                                                                                    <\/a>\n                                    <\/figure>\n                                <\/div>\n                            <\/div>\n                            <div class=\"col-sm-9\">\n                                                            <div class=\"category-top\">\n                                    <span class=\"fw-bold text-danger\">Sklenjeno<\/span>                                                                        <span class=\"data\">\n                                        <svg class=\"icon icon-secondary\">\n                                            <use xlink:href=\"https:\/\/iiclubiana.esteri.it\/wp-content\/themes\/sedi-tema\/assets\/svg\/sprites.svg#it-calendar\"><\/use>\n                                        <\/svg> \u010det Mar 05 2026                                    <\/span>\n                                                                    <\/div>\n                            <h5 class=\"card-title big-heading text-uppercase\"><a class=\"text-body text-decoration-none\" href=\"https:\/\/iiclubiana.esteri.it\/sl\/gli_eventi\/calendario\/pippo-ciorra-allitalian-design-day-2026\/\" title=\"Italian Design Day 2026: Pippo Ciorra\">Italian Design Day 2026: Pippo Ciorra<\/a><\/h5>\n                            <p class=\"card-text\">Italian Design Day 2026: Pippo Ciorra RE-DESIGN. Regenerating spaces, objects, ideas, relationships. &nbsp; Italijanski arhitekt Pippo Ciorra se bo pogovarjal z oblikovalko Niko Zupanc. Dogodek, ki bo potekal v Muzeju za arhitekturo in oblikovanje, bo vodila Maja Vardjan. &nbsp; V angle\u0161kem jeziku. Vstop prost.<\/p>\n                                <a title=\"Italian Design Day 2026: Pippo Ciorra\" class=\"read-more\" href=\"https:\/\/iiclubiana.esteri.it\/sl\/gli_eventi\/calendario\/pippo-ciorra-allitalian-design-day-2026\/\">\n                                    <span class=\"text\">Preberi ve\u010d<\/span>\n                                    <svg class=\"icon\">\n                                    <use xlink:href=\"https:\/\/iiclubiana.esteri.it\/wp-content\/themes\/sedi-tema\/assets\/svg\/sprites.svg#it-arrow-right\"><\/use>\n                                    <\/svg>\n                                <\/a>\n                                                        <\/div>\n                                                    <\/div>\n                    <\/div>\n                <\/div>\n                <!--end card-->\n                <\/div><!-- col-12 .mt-3-->\n                            <div class=\"col-12 mt-3\">\n                <!--start card-->\n                <div class=\"card-wrapper card-space\">\n                    <div class=\"card card-bg card-big border-bottom-card\">\n                        <div class=\"card-body row\">\n                                                    <div class=\"col-sm-3\">\n                                <div class=\"img-responsive\">\n                                    <figure class=\"img-wrapper\">\n                                        <a href=\"https:\/\/iiclubiana.esteri.it\/sl\/gli_eventi\/calendario\/concerto-dellorchestra-del-conservatorio-giuseppe-verdi-di-torino-arts-creating-future\/\" title=\"Preberi \u010dlanek: Koncert orkestra konservatorija \u201cGiuseppe Verdi\u201d iz Torina: Arts Creating Future\">\n                                                                                            <img loading=\"lazy\" decoding=\"async\" width=\"300\" height=\"169\" src=\"https:\/\/iiclubiana.esteri.it\/wp-content\/uploads\/2026\/02\/immagine-per-LCD-Lubianasmall-300x169.jpg\" srcset=\"https:\/\/iiclubiana.esteri.it\/wp-content\/uploads\/2026\/02\/immagine-per-LCD-Lubianasmall.jpg 1920w, https:\/\/iiclubiana.esteri.it\/wp-content\/uploads\/2026\/02\/immagine-per-LCD-Lubianasmall-300x169.jpg 300w, https:\/\/iiclubiana.esteri.it\/wp-content\/uploads\/2026\/02\/immagine-per-LCD-Lubianasmall-1024x576.jpg 1024w, https:\/\/iiclubiana.esteri.it\/wp-content\/uploads\/2026\/02\/immagine-per-LCD-Lubianasmall-768x432.jpg 768w\" sizes=\"auto, (max-width: 1920px) 100vw, 1920px\"  title=\"immagine per LCD Lubianasmall\" alt=\"\" class=\"img-fluid\">\n                                                                                    <\/a>\n                                    <\/figure>\n                                <\/div>\n                            <\/div>\n                            <div class=\"col-sm-9\">\n                                                            <div class=\"category-top\">\n                                    <span class=\"fw-bold text-danger\">Sklenjeno<\/span>                                                                        <span class=\"data\">\n                                        <svg class=\"icon icon-secondary\">\n                                            <use xlink:href=\"https:\/\/iiclubiana.esteri.it\/wp-content\/themes\/sedi-tema\/assets\/svg\/sprites.svg#it-calendar\"><\/use>\n                                        <\/svg> pon Mar 02 2026                                    <\/span>\n                                                                    <\/div>\n                            <h5 class=\"card-title big-heading text-uppercase\"><a class=\"text-body text-decoration-none\" href=\"https:\/\/iiclubiana.esteri.it\/sl\/gli_eventi\/calendario\/concerto-dellorchestra-del-conservatorio-giuseppe-verdi-di-torino-arts-creating-future\/\" title=\"Koncert orkestra konservatorija \u201cGiuseppe Verdi\u201d iz Torina: Arts Creating Future\">Koncert orkestra konservatorija \u201cGiuseppe Verdi\u201d iz Torina: Arts Creating Future<\/a><\/h5>\n                            <p class=\"card-text\">L&#8217;Istituto Italiano di Cultura di Lubiana \u00e8 lieto di presentare una serata dedicata alla grande musica sinfonica, che vedr\u00e0 protagonista l\u2019Orchestra del Conservatorio \u201cGiuseppe Verdi\u201d di Torino. L\u2019evento, ospitato nella prestigiosa cornice della Slovenska Filharmonija, rappresenta una tappa fondamentale del progetto \u201cInternational Routes: Arts Creating Future\u201d. Questa iniziativa, finanziata dall\u2019Unione Europea nell&#8217;ambito del programma NextGenerationEU, [&hellip;]<\/p>\n                                <a title=\"Koncert orkestra konservatorija \u201cGiuseppe Verdi\u201d iz Torina: Arts Creating Future\" class=\"read-more\" href=\"https:\/\/iiclubiana.esteri.it\/sl\/gli_eventi\/calendario\/concerto-dellorchestra-del-conservatorio-giuseppe-verdi-di-torino-arts-creating-future\/\">\n                                    <span class=\"text\">Preberi ve\u010d<\/span>\n                                    <svg class=\"icon\">\n                                    <use xlink:href=\"https:\/\/iiclubiana.esteri.it\/wp-content\/themes\/sedi-tema\/assets\/svg\/sprites.svg#it-arrow-right\"><\/use>\n                                    <\/svg>\n                                <\/a>\n                                                        <\/div>\n                                                    <\/div>\n                    <\/div>\n                <\/div>\n                <!--end card-->\n                <\/div><!-- col-12 .mt-3-->\n                            <div class=\"col-12 mt-3\">\n                <!--start card-->\n                <div class=\"card-wrapper card-space\">\n                    <div class=\"card card-bg card-big border-bottom-card\">\n                        <div class=\"card-body row\">\n                                                    <div class=\"col-sm-3\">\n                                <div class=\"img-responsive\">\n                                    <figure class=\"img-wrapper\">\n                                        <a href=\"https:\/\/iiclubiana.esteri.it\/sl\/gli_eventi\/calendario\/tacticspractice-17-becoming-image-curato-da-marco-de-mutiis\/\" title=\"Preberi \u010dlanek: Tactics&#038;Practice #17: Becoming Image curato da Marco De Mutiis\">\n                                                                                            <img loading=\"lazy\" decoding=\"async\" width=\"240\" height=\"144\" src=\"https:\/\/iiclubiana.esteri.it\/wp-content\/uploads\/2026\/02\/Tactics-Practice_program_thumb.webp\" srcset=\"\" sizes=\"auto, (max-width: 240px) 100vw, 240px\"  title=\"Tactics-Practice_program_thumb\" alt=\"\" class=\"img-fluid\">\n                                                                                    <\/a>\n                                    <\/figure>\n                                <\/div>\n                            <\/div>\n                            <div class=\"col-sm-9\">\n                                                            <div class=\"category-top\">\n                                    <span class=\"fw-bold text-danger\">Sklenjeno<\/span>                                                                        <span class=\"data\">\n                                        <svg class=\"icon icon-secondary\">\n                                            <use xlink:href=\"https:\/\/iiclubiana.esteri.it\/wp-content\/themes\/sedi-tema\/assets\/svg\/sprites.svg#it-calendar\"><\/use>\n                                        <\/svg> sre Feb 25 2026<svg class=\"icon icon-xs icon-secondary me-1 ms-1\"><use href=\"https:\/\/iiclubiana.esteri.it\/wp-content\/themes\/sedi-tema\/assets\/svg\/sprites.svg#it-arrow-right\"><\/use><\/svg>sre Mar 25 2026                                    <\/span>\n                                                                    <\/div>\n                            <h5 class=\"card-title big-heading text-uppercase\"><a class=\"text-body text-decoration-none\" href=\"https:\/\/iiclubiana.esteri.it\/sl\/gli_eventi\/calendario\/tacticspractice-17-becoming-image-curato-da-marco-de-mutiis\/\" title=\"Tactics&#038;Practice #17: Becoming Image curato da Marco De Mutiis\">Tactics&#038;Practice #17: Becoming Image curato da Marco De Mutiis<\/a><\/h5>\n                            <p class=\"card-text\">Mostra \u201cImage Syncers\u201d di Nina Davies Curata da Marco De Mutiis all\u2019interno della serie \u201cTactics&amp;Practice #17: Becoming Image\u201d Luogo:\u00a0Aksioma | Project Space, Lubiana L\u2019Istituto Italiano di Cultura di Lubiana \u00e8 lieto di presentare, in collaborazione con\u00a0Aksioma \u2013 Istituto per l\u2019Arte Contemporanea, la serie di eventi\u00a0Tactics&amp;Practice #17: Becoming Image\u00a0curati da Marco De Mutiis. Un progetto incentrato [&hellip;]<\/p>\n                                <a title=\"Tactics&#038;Practice #17: Becoming Image curato da Marco De Mutiis\" class=\"read-more\" href=\"https:\/\/iiclubiana.esteri.it\/sl\/gli_eventi\/calendario\/tacticspractice-17-becoming-image-curato-da-marco-de-mutiis\/\">\n                                    <span class=\"text\">Preberi ve\u010d<\/span>\n                                    <svg class=\"icon\">\n                                    <use xlink:href=\"https:\/\/iiclubiana.esteri.it\/wp-content\/themes\/sedi-tema\/assets\/svg\/sprites.svg#it-arrow-right\"><\/use>\n                                    <\/svg>\n                                <\/a>\n                                                        <\/div>\n                                                    <\/div>\n                    <\/div>\n                <\/div>\n                <!--end card-->\n                <\/div><!-- col-12 .mt-3-->\n                            <div class=\"col-12 mt-3\">\n                <!--start card-->\n                <div class=\"card-wrapper card-space\">\n                    <div class=\"card card-bg card-big border-bottom-card\">\n                        <div class=\"card-body row\">\n                                                    <div class=\"col-sm-3\">\n                                <div class=\"img-responsive\">\n                                    <figure class=\"img-wrapper\">\n                                        <a href=\"https:\/\/iiclubiana.esteri.it\/sl\/gli_eventi\/calendario\/eunic-predstavlja-od-filma-do-zgodbe-2\/\" title=\"Preberi \u010dlanek: EUNIC predstavlja: Od filma do zgodbe\">\n                                                                                            <img loading=\"lazy\" decoding=\"async\" width=\"300\" height=\"169\" src=\"https:\/\/iiclubiana.esteri.it\/wp-content\/uploads\/2026\/02\/dinosauri-300x169.jpg\" srcset=\"https:\/\/iiclubiana.esteri.it\/wp-content\/uploads\/2026\/02\/dinosauri.jpg 1920w, https:\/\/iiclubiana.esteri.it\/wp-content\/uploads\/2026\/02\/dinosauri-300x169.jpg 300w, https:\/\/iiclubiana.esteri.it\/wp-content\/uploads\/2026\/02\/dinosauri-1024x576.jpg 1024w, https:\/\/iiclubiana.esteri.it\/wp-content\/uploads\/2026\/02\/dinosauri-768x432.jpg 768w\" sizes=\"auto, (max-width: 1920px) 100vw, 1920px\"  title=\"dinosauri\" alt=\"\" class=\"img-fluid\">\n                                                                                    <\/a>\n                                    <\/figure>\n                                <\/div>\n                            <\/div>\n                            <div class=\"col-sm-9\">\n                                                            <div class=\"category-top\">\n                                    <span class=\"fw-bold text-danger\">Sklenjeno<\/span>                                                                        <span class=\"data\">\n                                        <svg class=\"icon icon-secondary\">\n                                            <use xlink:href=\"https:\/\/iiclubiana.esteri.it\/wp-content\/themes\/sedi-tema\/assets\/svg\/sprites.svg#it-calendar\"><\/use>\n                                        <\/svg> sre Feb 25 2026                                    <\/span>\n                                                                    <\/div>\n                            <h5 class=\"card-title big-heading text-uppercase\"><a class=\"text-body text-decoration-none\" href=\"https:\/\/iiclubiana.esteri.it\/sl\/gli_eventi\/calendario\/eunic-predstavlja-od-filma-do-zgodbe-2\/\" title=\"EUNIC predstavlja: Od filma do zgodbe\">EUNIC predstavlja: Od filma do zgodbe<\/a><\/h5>\n                            <p class=\"card-text\">Projekcija filma &#8220;Moj brat lovi dinozavre&#8221;, r. Stefano Cipani<\/p>\n                                <a title=\"EUNIC predstavlja: Od filma do zgodbe\" class=\"read-more\" href=\"https:\/\/iiclubiana.esteri.it\/sl\/gli_eventi\/calendario\/eunic-predstavlja-od-filma-do-zgodbe-2\/\">\n                                    <span class=\"text\">Preberi ve\u010d<\/span>\n                                    <svg class=\"icon\">\n                                    <use xlink:href=\"https:\/\/iiclubiana.esteri.it\/wp-content\/themes\/sedi-tema\/assets\/svg\/sprites.svg#it-arrow-right\"><\/use>\n                                    <\/svg>\n                                <\/a>\n                                                        <\/div>\n                                                    <\/div>\n                    <\/div>\n                <\/div>\n                <!--end card-->\n                <\/div><!-- col-12 .mt-3-->\n                            <div class=\"col-12 mt-3\">\n                <!--start card-->\n                <div class=\"card-wrapper card-space\">\n                    <div class=\"card card-bg card-big border-bottom-card\">\n                        <div class=\"card-body row\">\n                                                    <div class=\"col-sm-3\">\n                                <div class=\"img-responsive\">\n                                    <figure class=\"img-wrapper\">\n                                        <a href=\"https:\/\/iiclubiana.esteri.it\/sl\/gli_eventi\/calendario\/srecanja-ob-knjigi\/\" title=\"Preberi \u010dlanek: Sre\u010danja ob knjigi: Nekaj zapisanega\">\n                                                                                            <img loading=\"lazy\" decoding=\"async\" width=\"225\" height=\"300\" src=\"https:\/\/iiclubiana.esteri.it\/wp-content\/uploads\/2026\/02\/Trevi-225x300.jpeg\" srcset=\"https:\/\/iiclubiana.esteri.it\/wp-content\/uploads\/2026\/02\/Trevi.jpeg 1000w, https:\/\/iiclubiana.esteri.it\/wp-content\/uploads\/2026\/02\/Trevi-225x300.jpeg 225w, https:\/\/iiclubiana.esteri.it\/wp-content\/uploads\/2026\/02\/Trevi-768x1025.jpeg 768w\" sizes=\"auto, (max-width: 1000px) 100vw, 1000px\"  title=\"Trevi\" alt=\"\" class=\"img-fluid\">\n                                                                                    <\/a>\n                                    <\/figure>\n                                <\/div>\n                            <\/div>\n                            <div class=\"col-sm-9\">\n                                                            <div class=\"category-top\">\n                                    <span class=\"fw-bold text-danger\">Sklenjeno<\/span>                                                                        <span class=\"data\">\n                                        <svg class=\"icon icon-secondary\">\n                                            <use xlink:href=\"https:\/\/iiclubiana.esteri.it\/wp-content\/themes\/sedi-tema\/assets\/svg\/sprites.svg#it-calendar\"><\/use>\n                                        <\/svg> tor Feb 24 2026                                    <\/span>\n                                                                    <\/div>\n                            <h5 class=\"card-title big-heading text-uppercase\"><a class=\"text-body text-decoration-none\" href=\"https:\/\/iiclubiana.esteri.it\/sl\/gli_eventi\/calendario\/srecanja-ob-knjigi\/\" title=\"Sre\u010danja ob knjigi: Nekaj zapisanega\">Sre\u010danja ob knjigi: Nekaj zapisanega<\/a><\/h5>\n                            <p class=\"card-text\">V torek, 24. marca ob 17h, vas Italijanski in\u0161titut za kulturo\u00a0 v okviru drugega cikla \u201cAutori in cerca di lettori\u201d vabi\u00a0 na sre\u010danje ob knjigi. Tokrat bo beseda tekla o knjigi Emanueleja Trevija Nekaj zapisanega. Sre\u010danja so namenjana vsem, ki radi berejo in ob tem delijo svoja mnenja, vtise in ob\u010dutke, ki so jih prevzeli [&hellip;]<\/p>\n                                <a title=\"Sre\u010danja ob knjigi: Nekaj zapisanega\" class=\"read-more\" href=\"https:\/\/iiclubiana.esteri.it\/sl\/gli_eventi\/calendario\/srecanja-ob-knjigi\/\">\n                                    <span class=\"text\">Preberi ve\u010d<\/span>\n                                    <svg class=\"icon\">\n                                    <use xlink:href=\"https:\/\/iiclubiana.esteri.it\/wp-content\/themes\/sedi-tema\/assets\/svg\/sprites.svg#it-arrow-right\"><\/use>\n                                    <\/svg>\n                                <\/a>\n                                                        <\/div>\n                                                    <\/div>\n                    <\/div>\n                <\/div>\n                <!--end card-->\n                <\/div><!-- col-12 .mt-3-->\n                            <div class=\"col-12 mt-3\">\n                <!--start card-->\n                <div class=\"card-wrapper card-space\">\n                    <div class=\"card card-bg card-big border-bottom-card\">\n                        <div class=\"card-body row\">\n                                                    <div class=\"col-sm-3\">\n                                <div class=\"img-responsive\">\n                                    <figure class=\"img-wrapper\">\n                                        <a href=\"https:\/\/iiclubiana.esteri.it\/sl\/gli_eventi\/calendario\/sosedske-sorodnosti-arhitektura-med-furlanijo-julijsko-krajino-in-slovenijo\/\" title=\"Preberi \u010dlanek: Sosedske sorodnosti. Arhitektura med Furlanijo-Julijsko krajino in Slovenijo\">\n                                                                                            <img loading=\"lazy\" decoding=\"async\" width=\"287\" height=\"300\" src=\"https:\/\/iiclubiana.esteri.it\/wp-content\/uploads\/2026\/02\/Arch-287x300.png\" srcset=\"https:\/\/iiclubiana.esteri.it\/wp-content\/uploads\/2026\/02\/Arch.png 568w, https:\/\/iiclubiana.esteri.it\/wp-content\/uploads\/2026\/02\/Arch-287x300.png 287w\" sizes=\"auto, (max-width: 568px) 100vw, 568px\"  title=\"Arch\" alt=\"\" class=\"img-fluid\">\n                                                                                    <\/a>\n                                    <\/figure>\n                                <\/div>\n                            <\/div>\n                            <div class=\"col-sm-9\">\n                                                            <div class=\"category-top\">\n                                    <span class=\"fw-bold text-danger\">Sklenjeno<\/span>                                                                        <span class=\"data\">\n                                        <svg class=\"icon icon-secondary\">\n                                            <use xlink:href=\"https:\/\/iiclubiana.esteri.it\/wp-content\/themes\/sedi-tema\/assets\/svg\/sprites.svg#it-calendar\"><\/use>\n                                        <\/svg> pon Feb 23 2026<svg class=\"icon icon-xs icon-secondary me-1 ms-1\"><use href=\"https:\/\/iiclubiana.esteri.it\/wp-content\/themes\/sedi-tema\/assets\/svg\/sprites.svg#it-arrow-right\"><\/use><\/svg>\u010det Mar 19 2026                                    <\/span>\n                                                                    <\/div>\n                            <h5 class=\"card-title big-heading text-uppercase\"><a class=\"text-body text-decoration-none\" href=\"https:\/\/iiclubiana.esteri.it\/sl\/gli_eventi\/calendario\/sosedske-sorodnosti-arhitektura-med-furlanijo-julijsko-krajino-in-slovenijo\/\" title=\"Sosedske sorodnosti. Arhitektura med Furlanijo-Julijsko krajino in Slovenijo\">Sosedske sorodnosti. Arhitektura med Furlanijo-Julijsko krajino in Slovenijo<\/a><\/h5>\n                            <p class=\"card-text\">Razstava &#8220;Sosedske sorodnosti&#8221; predstavlja izbor arhitekturnih del in prostorskih situacij, ki razkrivajo skupne kulturne, zgodovinske in prostorske zna\u010dilnosti obmejnega prostora med Italijo in Slovenijo. S fotografijo odpira razmislek o arhitekturi kot prostoru dialoga, bli\u017eine in skupne identitete. Razstavo kurirata Luka Skansi in Paolo Nicoloso, avtorja fotografij sta Miran Kambi\u010d in Roberto Conte. Razstava v Ljubljani [&hellip;]<\/p>\n                                <a title=\"Sosedske sorodnosti. Arhitektura med Furlanijo-Julijsko krajino in Slovenijo\" class=\"read-more\" href=\"https:\/\/iiclubiana.esteri.it\/sl\/gli_eventi\/calendario\/sosedske-sorodnosti-arhitektura-med-furlanijo-julijsko-krajino-in-slovenijo\/\">\n                                    <span class=\"text\">Preberi ve\u010d<\/span>\n                                    <svg class=\"icon\">\n                                    <use xlink:href=\"https:\/\/iiclubiana.esteri.it\/wp-content\/themes\/sedi-tema\/assets\/svg\/sprites.svg#it-arrow-right\"><\/use>\n                                    <\/svg>\n                                <\/a>\n                                                        <\/div>\n                                                    <\/div>\n                    <\/div>\n                <\/div>\n                <!--end card-->\n                <\/div><!-- col-12 .mt-3-->\n            \n            <div class=\"col-md-12 mt-4 pb-4\">\n                <nav class=\"navigation col-md-12\" aria-label=\"Navigation\">\n                    <h2 class=\"screen-reader-text visually-hidden\">Paginacija<\/h2>\n                    <div class=\"nav-links\">\n                    <span aria-current=\"page\" class=\"page-numbers current\">1<\/span>\n<a class=\"page-numbers\" href=\"https:\/\/iiclubiana.esteri.it\/sl\/wp-json\/wp\/v2\/pages\/3764\/?pag=2\">2<\/a>\n<a class=\"page-numbers\" href=\"https:\/\/iiclubiana.esteri.it\/sl\/wp-json\/wp\/v2\/pages\/3764\/?pag=3\">3<\/a>\n<span class=\"page-numbers dots\">&hellip;<\/span>\n<a class=\"page-numbers\" href=\"https:\/\/iiclubiana.esteri.it\/sl\/wp-json\/wp\/v2\/pages\/3764\/?pag=56\">56<\/a>\n<a class=\"next page-numbers\" href=\"https:\/\/iiclubiana.esteri.it\/sl\/wp-json\/wp\/v2\/pages\/3764\/?pag=2\"><svg class=\"icon icon-primary\"><use xlink:href=\"https:\/\/iiclubiana.esteri.it\/wp-content\/themes\/sedi-tema\/assets\/svg\/sprites.svg#it-chevron-right\"><\/use><\/svg>\n                                    <span class=\"visually-hidden\">Naslednja stran<\/span><\/a>                    <\/div>\n                <\/nav>\n            <\/div>   <!--.col-md-12 -->\n              <\/div><!--.row -->\n              \n<p>&nbsp;<\/p>\n","protected":false},"excerpt":{"rendered":"&nbsp;","protected":false},"author":1,"featured_media":0,"parent":107,"menu_order":0,"comment_status":"closed","ping_status":"closed","template":"","meta":{"footnotes":""},"class_list":["post-3764","page","type-page","status-publish","hentry"],"_links":{"self":[{"href":"https:\/\/iiclubiana.esteri.it\/sl\/wp-json\/wp\/v2\/pages\/3764","targetHints":{"allow":["GET"]}}],"collection":[{"href":"https:\/\/iiclubiana.esteri.it\/sl\/wp-json\/wp\/v2\/pages"}],"about":[{"href":"https:\/\/iiclubiana.esteri.it\/sl\/wp-json\/wp\/v2\/types\/page"}],"author":[{"embeddable":true,"href":"https:\/\/iiclubiana.esteri.it\/sl\/wp-json\/wp\/v2\/users\/1"}],"replies":[{"embeddable":true,"href":"https:\/\/iiclubiana.esteri.it\/sl\/wp-json\/wp\/v2\/comments?post=3764"}],"version-history":[{"count":2,"href":"https:\/\/iiclubiana.esteri.it\/sl\/wp-json\/wp\/v2\/pages\/3764\/revisions"}],"predecessor-version":[{"id":4203,"href":"https:\/\/iiclubiana.esteri.it\/sl\/wp-json\/wp\/v2\/pages\/3764\/revisions\/4203"}],"up":[{"embeddable":true,"href":"https:\/\/iiclubiana.esteri.it\/sl\/wp-json\/wp\/v2\/pages\/107"}],"wp:attachment":[{"href":"https:\/\/iiclubiana.esteri.it\/sl\/wp-json\/wp\/v2\/media?parent=3764"}],"curies":[{"name":"wp","href":"https:\/\/api.w.org\/{rel}","templated":true}]}}