{"id":108,"date":"2023-04-03T20:52:42","date_gmt":"2023-04-03T18:52:42","guid":{"rendered":"https:\/\/iiclubiana.esteri.it\/gli_eventi\/calendario\/"},"modified":"2024-11-11T12:30:46","modified_gmt":"2024-11-11T11:30:46","slug":"calendario","status":"publish","type":"page","link":"https:\/\/iiclubiana.esteri.it\/sl\/gli_eventi\/calendario\/","title":{"rendered":"Dogodki na programu"},"content":{"rendered":"        <div class=\"row\">\n\t\t\t<!-- Ricerca sedi post -->\n\t\t\t<div class=\"col-12 mt-4\">\n\t\t\t  <div class=\"callout callout-highlight note ricerca-esteri p-4\">\n                    <div class=\"callout-title\">\n                        <svg class=\"icon\">\n                            <use xlink:href=\"https:\/\/iiclubiana.esteri.it\/wp-content\/themes\/sedi-tema\/assets\/svg\/sprites.svg#it-search\"><\/use>\n                        <\/svg>Vnesite iskalne parametre                    <\/div>\n                    <form id=\"searchFormPost\" name=\"form-search-post\" class=\"form-row align-items-center\" action=\"https:\/\/iiclubiana.esteri.it\/sl\/wp-json\/wp\/v2\/pages\/108\/\" method=\"GET\"> \n                        <!-- <div class=\"form-group pt-5\"> -->\n                            <!-- <input type=\"hidden\" id=\"lang\" name=\"lang\" value=\"\"> --> <!-- <\/div> -->\n\n                        <div class=\"it-datepicker-wrapper\">\n                            <div class=\"row\">\n                                <div class=\"form-group col-md-6\">\n                                    <label class=\"active\" for=\"date-init\">Iz<\/label>\n                                    <input class=\"form-control\" name=\"date-init\" id=\"date-init\" type=\"date\" placeholder=\"gg\/mm\/aaaa\" value=\"\"lang=\"en-EN\">  \n                                <\/div>\n                                <div class=\"form-group col-md-6\">\n                                    <label class=\"active\" for=\"date-end\">Za<\/label>\n                                    <input class=\"form-control\" name=\"date-end\" id=\"date-end\" type=\"date\" placeholder=\"gg\/mm\/aaaa\" value=\"\">\n                                <\/div>\n                            <\/div>\n                        <\/div>\n                        <div class=\"form-group col-md-12 mt-3\">\n                            <label for=\"searchText\">Brezpla\u010dno iskalno polje<\/label>\n                            <input type=\"text\" name=\"searchText\" class=\"form-control\" id=\"searchText\" value=\"\">\n                        <\/div>\n                        <div class=\"form-group col-md-4 offset-md-8 text-end\">\n                            <a href=\"https:\/\/iiclubiana.esteri.it\/sl\/gli_eventi\/calendario\/\" title=\"Form reset\" id=\"resetImput\" class=\"btn btn-outline-primary btn-xs\">Reset<\/a>\n                            <button type=\"submit\" class=\"btn btn-primary btn-xs\">Poka\u017ei rezultate<\/button>\n                        <\/div>\n                    <\/form>\n\t\t\t\t<\/div>\n\t\t\t<\/div>\n\t\t<\/div>\n                    \n            <div class=\"row\">\n                            <div class=\"col-12 mt-3\">\n                <!--start card-->\n                <div class=\"card-wrapper card-space\">\n                    <div class=\"card card-bg card-big border-bottom-card\">\n                        <div class=\"card-body row\">\n                                                    <div class=\"col-sm-3\">\n                                <div class=\"img-responsive\">\n                                    <figure class=\"img-wrapper\">\n                                        <a href=\"https:\/\/iiclubiana.esteri.it\/sl\/gli_eventi\/calendario\/eunic-predstavlja-od-filma-do-zgodbe-3\/\" title=\"Preberi \u010dlanek: EUNIC predstavlja: Od filma do zgodbe\">\n                                                                                            <img loading=\"lazy\" decoding=\"async\" width=\"248\" height=\"94\" src=\"https:\/\/iiclubiana.esteri.it\/wp-content\/uploads\/2026\/02\/Eunic.png\" srcset=\"\" sizes=\"auto, (max-width: 248px) 100vw, 248px\"  title=\"Eunic\" alt=\"\" class=\"img-fluid\">\n                                                                                    <\/a>\n                                    <\/figure>\n                                <\/div>\n                            <\/div>\n                            <div class=\"col-sm-9\">\n                                                            <div class=\"category-top\">\n                                    <span class=\"fw-bold text-success\">V delu<\/span>                                                                        <span class=\"data\">\n                                        <svg class=\"icon icon-secondary\">\n                                            <use xlink:href=\"https:\/\/iiclubiana.esteri.it\/wp-content\/themes\/sedi-tema\/assets\/svg\/sprites.svg#it-calendar\"><\/use>\n                                        <\/svg> \u010det Feb 19 2026<svg class=\"icon icon-xs icon-secondary me-1 ms-1\"><use href=\"https:\/\/iiclubiana.esteri.it\/wp-content\/themes\/sedi-tema\/assets\/svg\/sprites.svg#it-arrow-right\"><\/use><\/svg>pon Dec 21 2026                                    <\/span>\n                                                                    <\/div>\n                            <h5 class=\"card-title big-heading text-uppercase\"><a class=\"text-body text-decoration-none\" href=\"https:\/\/iiclubiana.esteri.it\/sl\/gli_eventi\/calendario\/eunic-predstavlja-od-filma-do-zgodbe-3\/\" title=\"EUNIC predstavlja: Od filma do zgodbe\">EUNIC predstavlja: Od filma do zgodbe<\/a><\/h5>\n                            <p class=\"card-text\">Zdru\u017eenje EUNIC predstavlja projekt v sodelovanje z Mestno knji\u017enico Ljubljana. \u201cOd filma do zgodbe\u201d Za\u010den\u0161i s februarjem bo vsak mesec eden od In\u0161titutov \u010dlanov zdru\u017eenja EUNIC pripravil branje ene zgodbe v svojem in slovenskem jeziku\u00a0 v eni od podru\u017enic Mestne knji\u017enice ter eno projekcija filma iz svoje dr\u017eave na enem od In\u0161titutov. Filmi bodo izbrani [&hellip;]<\/p>\n                                <a title=\"EUNIC predstavlja: Od filma do zgodbe\" class=\"read-more\" href=\"https:\/\/iiclubiana.esteri.it\/sl\/gli_eventi\/calendario\/eunic-predstavlja-od-filma-do-zgodbe-3\/\">\n                                    <span class=\"text\">Preberi ve\u010d<\/span>\n                                    <svg class=\"icon\">\n                                    <use xlink:href=\"https:\/\/iiclubiana.esteri.it\/wp-content\/themes\/sedi-tema\/assets\/svg\/sprites.svg#it-arrow-right\"><\/use>\n                                    <\/svg>\n                                <\/a>\n                                                        <\/div>\n                                                    <\/div>\n                    <\/div>\n                <\/div>\n                <!--end card-->\n                <\/div><!-- col-12 .mt-3-->\n                            <div class=\"col-12 mt-3\">\n                <!--start card-->\n                <div class=\"card-wrapper card-space\">\n                    <div class=\"card card-bg card-big border-bottom-card\">\n                        <div class=\"card-body row\">\n                                                    <div class=\"col-sm-3\">\n                                <div class=\"img-responsive\">\n                                    <figure class=\"img-wrapper\">\n                                        <a href=\"https:\/\/iiclubiana.esteri.it\/sl\/gli_eventi\/calendario\/6495\/\" title=\"Preberi \u010dlanek: Knji\u017enica EUNIC pod kro\u0161njami 2026\">\n                                                                                            <img loading=\"lazy\" decoding=\"async\" width=\"300\" height=\"300\" src=\"https:\/\/iiclubiana.esteri.it\/wp-content\/uploads\/2026\/05\/EUNIC-sticker-1-300x300.png\" srcset=\"https:\/\/iiclubiana.esteri.it\/wp-content\/uploads\/2026\/05\/EUNIC-sticker-1.png 1181w, https:\/\/iiclubiana.esteri.it\/wp-content\/uploads\/2026\/05\/EUNIC-sticker-1-300x300.png 300w, https:\/\/iiclubiana.esteri.it\/wp-content\/uploads\/2026\/05\/EUNIC-sticker-1-1024x1024.png 1024w, https:\/\/iiclubiana.esteri.it\/wp-content\/uploads\/2026\/05\/EUNIC-sticker-1-150x150.png 150w, https:\/\/iiclubiana.esteri.it\/wp-content\/uploads\/2026\/05\/EUNIC-sticker-1-768x768.png 768w\" sizes=\"auto, (max-width: 1181px) 100vw, 1181px\"  title=\"EUNIC sticker 1\" alt=\"\" class=\"img-fluid\">\n                                                                                    <\/a>\n                                    <\/figure>\n                                <\/div>\n                            <\/div>\n                            <div class=\"col-sm-9\">\n                                                            <div class=\"category-top\">\n                                    <span class=\"fw-bold text-success\">V delu<\/span>                                                                        <span class=\"data\">\n                                        <svg class=\"icon icon-secondary\">\n                                            <use xlink:href=\"https:\/\/iiclubiana.esteri.it\/wp-content\/themes\/sedi-tema\/assets\/svg\/sprites.svg#it-calendar\"><\/use>\n                                        <\/svg> pet Jun 05 2026<svg class=\"icon icon-xs icon-secondary me-1 ms-1\"><use href=\"https:\/\/iiclubiana.esteri.it\/wp-content\/themes\/sedi-tema\/assets\/svg\/sprites.svg#it-arrow-right\"><\/use><\/svg>ned Sep 13 2026                                    <\/span>\n                                                                    <\/div>\n                            <h5 class=\"card-title big-heading text-uppercase\"><a class=\"text-body text-decoration-none\" href=\"https:\/\/iiclubiana.esteri.it\/sl\/gli_eventi\/calendario\/6495\/\" title=\"Knji\u017enica EUNIC pod kro\u0161njami 2026\">Knji\u017enica EUNIC pod kro\u0161njami 2026<\/a><\/h5>\n                            <p class=\"card-text\">Od 5. junija do 13. septembra se v letu 2026 vra\u010da \u00bbKnji\u017enica pod kro\u0161njami\u00ab. Letos bo enota EUNIC v parku Tivoli. Branje knjig, ki jih zagotavljajo \u010dlani evropske mre\u017ee nacionalnih kulturnih in\u0161titutov v Sloveniji \u2013 EUNIC, bo mogo\u010de vsak \u010detrtek od 15. do 20. ure ter od petka do nedelje od 10. do 20. ure. [&hellip;]<\/p>\n                                <a title=\"Knji\u017enica EUNIC pod kro\u0161njami 2026\" class=\"read-more\" href=\"https:\/\/iiclubiana.esteri.it\/sl\/gli_eventi\/calendario\/6495\/\">\n                                    <span class=\"text\">Preberi ve\u010d<\/span>\n                                    <svg class=\"icon\">\n                                    <use xlink:href=\"https:\/\/iiclubiana.esteri.it\/wp-content\/themes\/sedi-tema\/assets\/svg\/sprites.svg#it-arrow-right\"><\/use>\n                                    <\/svg>\n                                <\/a>\n                                                        <\/div>\n                                                    <\/div>\n                    <\/div>\n                <\/div>\n                <!--end card-->\n                <\/div><!-- col-12 .mt-3-->\n                            <div class=\"col-12 mt-3\">\n                <!--start card-->\n                <div class=\"card-wrapper card-space\">\n                    <div class=\"card card-bg card-big border-bottom-card\">\n                        <div class=\"card-body row\">\n                                                    <div class=\"col-sm-3\">\n                                <div class=\"img-responsive\">\n                                    <figure class=\"img-wrapper\">\n                                        <a href=\"https:\/\/iiclubiana.esteri.it\/sl\/gli_eventi\/calendario\/6771\/\" title=\"Preberi \u010dlanek: Chiara Ernandes na Kranj Foto Festu\">\n                                                                                            <img loading=\"lazy\" decoding=\"async\" width=\"300\" height=\"300\" src=\"https:\/\/iiclubiana.esteri.it\/wp-content\/uploads\/2026\/08\/Ernandez-300x300.jpg\" srcset=\"https:\/\/iiclubiana.esteri.it\/wp-content\/uploads\/2026\/08\/Ernandez.jpg 370w, https:\/\/iiclubiana.esteri.it\/wp-content\/uploads\/2026\/08\/Ernandez-300x300.jpg 300w, https:\/\/iiclubiana.esteri.it\/wp-content\/uploads\/2026\/08\/Ernandez-150x150.jpg 150w\" sizes=\"auto, (max-width: 370px) 100vw, 370px\"  title=\"Ernandez\" alt=\"\" class=\"img-fluid\">\n                                                                                    <\/a>\n                                    <\/figure>\n                                <\/div>\n                            <\/div>\n                            <div class=\"col-sm-9\">\n                                                            <div class=\"category-top\">\n                                    <span class=\"fw-bold text-success\">V delu<\/span>                                                                        <span class=\"data\">\n                                        <svg class=\"icon icon-secondary\">\n                                            <use xlink:href=\"https:\/\/iiclubiana.esteri.it\/wp-content\/themes\/sedi-tema\/assets\/svg\/sprites.svg#it-calendar\"><\/use>\n                                        <\/svg> \u010det Avg 27 2026<svg class=\"icon icon-xs icon-secondary me-1 ms-1\"><use href=\"https:\/\/iiclubiana.esteri.it\/wp-content\/themes\/sedi-tema\/assets\/svg\/sprites.svg#it-arrow-right\"><\/use><\/svg>ned Sep 27 2026                                    <\/span>\n                                                                    <\/div>\n                            <h5 class=\"card-title big-heading text-uppercase\"><a class=\"text-body text-decoration-none\" href=\"https:\/\/iiclubiana.esteri.it\/sl\/gli_eventi\/calendario\/6771\/\" title=\"Chiara Ernandes na Kranj Foto Festu\">Chiara Ernandes na Kranj Foto Festu<\/a><\/h5>\n                            <p class=\"card-text\">S svojo 6. edicijo, ki\u00a0 bo potekala med 27. avgustom in 27. septembrom 2026, Kranj Foto Fest utrjuje polo\u017eaj enega vodilnih festivalov sodobne fotografije v srednji in vzhodni Evropi. Njegova edinstvena zna\u010dilnost je v tem, da celotno srednjeve\u0161ko staro mestno jedro Kranja spremeni v pravo galerijo na prostem. Razstave in fotografske instalacije o\u017eivijo na sugestivnih [&hellip;]<\/p>\n                                <a title=\"Chiara Ernandes na Kranj Foto Festu\" class=\"read-more\" href=\"https:\/\/iiclubiana.esteri.it\/sl\/gli_eventi\/calendario\/6771\/\">\n                                    <span class=\"text\">Preberi ve\u010d<\/span>\n                                    <svg class=\"icon\">\n                                    <use xlink:href=\"https:\/\/iiclubiana.esteri.it\/wp-content\/themes\/sedi-tema\/assets\/svg\/sprites.svg#it-arrow-right\"><\/use>\n                                    <\/svg>\n                                <\/a>\n                                                        <\/div>\n                                                    <\/div>\n                    <\/div>\n                <\/div>\n                <!--end card-->\n                <\/div><!-- col-12 .mt-3-->\n            \n            <div class=\"col-md-12 mt-4 pb-4\">\n                <nav class=\"navigation col-md-12\" aria-label=\"Navigation\">\n                    <h2 class=\"screen-reader-text visually-hidden\">Paginacija<\/h2>\n                    <div class=\"nav-links\">\n                                        <\/div>\n                <\/nav>\n            <\/div>   <!--.col-md-12 -->\n              <\/div><!--.row -->\n              \n","protected":false},"excerpt":{"rendered":"","protected":false},"author":1,"featured_media":0,"parent":107,"menu_order":0,"comment_status":"closed","ping_status":"closed","template":"","meta":{"footnotes":""},"class_list":["post-108","page","type-page","status-publish","hentry"],"_links":{"self":[{"href":"https:\/\/iiclubiana.esteri.it\/sl\/wp-json\/wp\/v2\/pages\/108","targetHints":{"allow":["GET"]}}],"collection":[{"href":"https:\/\/iiclubiana.esteri.it\/sl\/wp-json\/wp\/v2\/pages"}],"about":[{"href":"https:\/\/iiclubiana.esteri.it\/sl\/wp-json\/wp\/v2\/types\/page"}],"author":[{"embeddable":true,"href":"https:\/\/iiclubiana.esteri.it\/sl\/wp-json\/wp\/v2\/users\/1"}],"replies":[{"embeddable":true,"href":"https:\/\/iiclubiana.esteri.it\/sl\/wp-json\/wp\/v2\/comments?post=108"}],"version-history":[{"count":2,"href":"https:\/\/iiclubiana.esteri.it\/sl\/wp-json\/wp\/v2\/pages\/108\/revisions"}],"predecessor-version":[{"id":4201,"href":"https:\/\/iiclubiana.esteri.it\/sl\/wp-json\/wp\/v2\/pages\/108\/revisions\/4201"}],"up":[{"embeddable":true,"href":"https:\/\/iiclubiana.esteri.it\/sl\/wp-json\/wp\/v2\/pages\/107"}],"wp:attachment":[{"href":"https:\/\/iiclubiana.esteri.it\/sl\/wp-json\/wp\/v2\/media?parent=108"}],"curies":[{"name":"wp","href":"https:\/\/api.w.org\/{rel}","templated":true}]}}